{"id":298,"date":"2022-09-20T00:52:08","date_gmt":"2022-09-20T00:52:08","guid":{"rendered":"https:\/\/www.consermuca.edu.ve\/demo\/?page_id=298"},"modified":"2026-08-28T15:28:56","modified_gmt":"2026-08-28T15:28:56","slug":"efemerides","status":"publish","type":"page","link":"https:\/\/www.consermuca.edu.ve\/conservatorio-de-musica-de-carabobo\/efemerides\/","title":{"rendered":"Efem\u00e9rides"},"content":{"rendered":"<p>[et_pb_section fb_built=\u00bb1&#8243; fullwidth=\u00bbon\u00bb admin_label=\u00bbHero\u00bb _builder_version=\u00bb4.16&#8243; use_background_color_gradient=\u00bbon\u00bb background_color_gradient_direction=\u00bb90deg\u00bb background_color_gradient_stops=\u00bb#eeeff2 33%|rgba(238,239,242,0) 52%\u00bb background_color_gradient_overlays_image=\u00bbon\u00bb background_color_gradient_start=\u00bb#eeeff2&#8243; background_color_gradient_start_position=\u00bb33%\u00bb background_color_gradient_end=\u00bbrgba(238,239,242,0)\u00bb background_color_gradient_end_position=\u00bb52%\u00bb background_image=\u00bbhttps:\/\/www.consermuca.edu.ve\/demo\/wp-content\/uploads\/2022\/09\/Franz_Liszt_Museum_-_Klavier__c__budapestinfo.hu_.jpg\u00bb global_colors_info=\u00bb{}\u00bb][et_pb_fullwidth_header subhead=\u00bbCuriosidades Musicales\u00bb button_one_url=\u00bbhttps:\/\/wa.me\/message\/EL23DXQKXRDPI1&#8243; content_max_width=\u00bb600px\u00bb _builder_version=\u00bb4.16&#8243; title_font=\u00bbRubik|700||on|||||\u00bb title_text_color=\u00bb#ff7355&#8243; title_font_size=\u00bb16px\u00bb title_letter_spacing=\u00bb5px\u00bb title_line_height=\u00bb0.5em\u00bb content_font=\u00bbRubik||||||||\u00bb content_font_size=\u00bb18px\u00bb subhead_font=\u00bbRubik|700|||||||\u00bb subhead_text_color=\u00bbrgba(0,0,0,0.8)\u00bb subhead_font_size=\u00bb50px\u00bb subhead_line_height=\u00bb1.5em\u00bb background_color=\u00bbrgba(255,255,255,0)\u00bb use_background_color_gradient=\u00bbon\u00bb background_color_gradient_stops=\u00bbrgba(255,255,255,0) 50%|rgba(255,255,255,0.7) 100%\u00bb background_color_gradient_start=\u00bbrgba(255,255,255,0)\u00bb background_color_gradient_start_position=\u00bb50%\u00bb background_color_gradient_end=\u00bbrgba(255,255,255,0.7)\u00bb background_size=\u00bbcontain\u00bb background_position=\u00bbbottom_center\u00bb custom_button_one=\u00bbon\u00bb button_one_text_size=\u00bb16px\u00bb button_one_text_color=\u00bb#ffffff\u00bb button_one_bg_color=\u00bb#ff7355&#8243; button_one_border_width=\u00bb15px\u00bb button_one_border_color=\u00bbrgba(210,159,104,0)\u00bb button_one_border_radius=\u00bb100px\u00bb button_one_letter_spacing=\u00bb0px\u00bb button_one_font=\u00bbRubik|700|||||||\u00bb button_one_use_icon=\u00bboff\u00bb custom_button_two=\u00bbon\u00bb button_two_text_size=\u00bb16px\u00bb button_two_text_color=\u00bb#ffffff\u00bb button_two_bg_color=\u00bbrgba(0,0,0,0.6)\u00bb button_two_border_width=\u00bb15px\u00bb button_two_border_color=\u00bbrgba(210,159,104,0)\u00bb button_two_border_radius=\u00bb100px\u00bb button_two_letter_spacing=\u00bb0px\u00bb button_two_font=\u00bbRubik|700|||||||\u00bb button_two_use_icon=\u00bboff\u00bb background_layout=\u00bblight\u00bb max_width_last_edited=\u00bboff|desktop\u00bb module_alignment=\u00bbcenter\u00bb custom_margin=\u00bb|||\u00bb custom_padding=\u00bb8vw||4vw|\u00bb subhead_font_size_tablet=\u00bb\u00bb subhead_font_size_phone=\u00bb30px\u00bb subhead_font_size_last_edited=\u00bbon|phone\u00bb button_one_border_radius_hover=\u00bb100px\u00bb button_two_border_radius_hover=\u00bb100px\u00bb button_one_bg_color_hover=\u00bb#ff8a70&#8243; button_two_bg_color_hover=\u00bb#ff8a70&#8243; global_colors_info=\u00bb{}\u00bb button_one_text_size__hover_enabled=\u00bboff\u00bb button_two_text_size__hover_enabled=\u00bboff\u00bb button_one_text_color__hover_enabled=\u00bboff\u00bb button_two_text_color__hover_enabled=\u00bboff\u00bb button_one_border_width__hover_enabled=\u00bboff\u00bb button_two_border_width__hover_enabled=\u00bboff\u00bb button_one_border_color__hover_enabled=\u00bboff\u00bb button_two_border_color__hover_enabled=\u00bboff\u00bb button_one_border_radius__hover_enabled=\u00bbon\u00bb button_one_border_radius__hover=\u00bb100px\u00bb button_two_border_radius__hover_enabled=\u00bbon\u00bb button_two_border_radius__hover=\u00bb100px\u00bb button_one_letter_spacing__hover_enabled=\u00bboff\u00bb button_two_letter_spacing__hover_enabled=\u00bboff\u00bb button_one_bg_color__hover_enabled=\u00bbon\u00bb button_one_bg_color__hover=\u00bb#ff8a70&#8243; button_two_bg_color__hover_enabled=\u00bbon\u00bb button_two_bg_color__hover=\u00bb#ff8a70&#8243;]<\/p>\n<p>Las agrupaciones forman parte de nuestra formaci\u00f3n acad\u00e9mica e integral de los alumnos y futuros profesionales de la m\u00fasica.<\/p>\n<p>[\/et_pb_fullwidth_header][\/et_pb_section][et_pb_section fb_built=\u00bb1&#8243; admin_label=\u00bbStaff\u00bb _builder_version=\u00bb4.16&#8243; custom_padding=\u00bb|||\u00bb global_colors_info=\u00bb{}\u00bb][et_pb_row admin_label=\u00bbTitle Row\u00bb _builder_version=\u00bb4.16&#8243; global_colors_info=\u00bb{}\u00bb][et_pb_column type=\u00bb4_4&#8243; _builder_version=\u00bb4.16&#8243; custom_padding=\u00bb|||\u00bb global_colors_info=\u00bb{}\u00bb custom_padding__hover=\u00bb|||\u00bb][et_pb_text _builder_version=\u00bb4.16&#8243; text_font=\u00bbRubik|500|||||||\u00bb text_font_size=\u00bb16px\u00bb text_line_height=\u00bb2em\u00bb header_font=\u00bb||||||||\u00bb header_2_font=\u00bbRubik|700|||||||\u00bb header_2_font_size=\u00bb40px\u00bb header_2_line_height=\u00bb1.4em\u00bb header_5_font=\u00bbRubik|700||on|||||\u00bb header_5_text_color=\u00bb#2b76df\u00bb header_5_letter_spacing=\u00bb5px\u00bb header_5_line_height=\u00bb1.5em\u00bb text_orientation=\u00bbcenter\u00bb max_width=\u00bb600px\u00bb module_alignment=\u00bbcenter\u00bb text_line_height_last_edited=\u00bboff|desktop\u00bb global_colors_info=\u00bb{}\u00bb]<\/p>\n<h5>Historia de la m\u00fasica<\/h5>\n<h2>Efem\u00e9rides y Curiosidades\u00a0<\/h2>\n<p>&nbsp;<\/p>\n<p>[\/et_pb_text][\/et_pb_column][\/et_pb_row][et_pb_row _builder_version=\u00bb4.16&#8243; global_colors_info=\u00bb{}\u00bb][et_pb_column type=\u00bb4_4&#8243; _builder_version=\u00bb4.16&#8243; custom_padding=\u00bb|||\u00bb global_colors_info=\u00bb{}\u00bb custom_padding__hover=\u00bb|||\u00bb][et_pb_team_member name=\u00bbSeptiembre\u00bb position=\u00bbEfem\u00e9rides\u00a0\u00a0\u00bb image_url=\u00bbhttps:\/\/www.consermuca.edu.ve\/conservatorio-de-musica-de-carabobo\/wp-content\/uploads\/2023\/09\/Aldemaro-Romero.jpg\u00bb _builder_version=\u00bb4.27.8&#8243; header_font=\u00bbRubik|500|||||||\u00bb header_text_color=\u00bb#4c5c67&#8243; header_line_height=\u00bb1.7em\u00bb body_font=\u00bbRubik|500|||||||\u00bb body_line_height=\u00bb2em\u00bb animation_style=\u00bbzoom\u00bb animation_intensity_zoom=\u00bb10%\u00bb hover_enabled=\u00bb0&#8243; border_radii_image=\u00bbon|10px|10px|10px|10px\u00bb global_colors_info=\u00bb{}\u00bb title_text=\u00bbAldemaro Romero\u00bb sticky_enabled=\u00bb0&#8243;]El d\u00eda 2 de septiembre de 1939 comenz\u00f3 la Segunda Guerra Mundial, la confrontaci\u00f3n b\u00e9lica m\u00e1s grande y destructiva de la historia de la humanidad. Esta guerra trastorn\u00f3 todos los aspectos de la vida y la m\u00fasica no se escap\u00f3 de este trastorno. Muchos m\u00fasicos reconocidos murieron debido a ella, como lo fue el caso de Glen Miller, cuyo avi\u00f3n fue derribado accidentalmente mientras iba a dirigir un concierto en Francia. Y Anton Webern, que fue asesinado por un guardia por error. Otros fueron recluidos en los infames campos de concentraci\u00f3n nazis y otros a\u00fan vieron su m\u00fasica sometida a la m\u00e1s implacable censura. Magn\u00edficos teatros en Europa fueron destruidos por los bombardeos. Pero despu\u00e9s de la guerra surgi\u00f3 un renacer de todos los \u00f3rdenes del arte y la m\u00fasica sali\u00f3 beneficiada de muchas maneras.<\/p>\n<p>El mes de septiembre vio nacer a un conjunto de m\u00fasicos compositores de las nuevas tendencias musicales:<\/p>\n<p>8 de septiembre de 1841 nace Anton\u00edn Dv\u00f6rak<br \/>\n13 de septiembre de 1874 nace Arnold Sch\u00f6enberg<br \/>\n25 de septiembre de 1898 nace George Gershwin<br \/>\n25 de septiembre de 1906 nace Dimitri Shostakovich<br \/>\n5 de septiembre de 1912 nace John Milton Cage<\/p>\n<p>John Cage fue uno de los m\u00fasicos que influenciaron la manera de componer en el siglo XX. Su m\u00fasica era ca\u00f3tica, con largos silencios, influenciado por la filosof\u00eda del movimiento Zen. Una de sus obras m\u00e1s famosas por lo revolucionaria en su memento es \u201c4\u2019 33\u2019\u2019\u201d, en la que durante cuatro minutos y treinta y tres segundos el int\u00e9rprete de un instrumento, generalmente el piano, no hace nada porque lo importante son los sonidos que rodean al ejecutante.<\/p>\n<p>Arnold Sch\u00f6enberg fue el creador del dodecafonismo como t\u00e9cnica musical, toda una revoluci\u00f3n en el mundo de la m\u00fasica. Adem\u00e1s, abandona el uso de los tonos mayor y menor para desarrollar el atonalismo.<br \/>\nPor otro lado, George Gershwin llev\u00f3 la m\u00fasica del jazz a la forma acad\u00e9mica. Quiz\u00e1s su composici\u00f3n m\u00e1s famosa sea Rapsodia en Blue.<\/p>\n<p>El S\u00e1bado 15 de septiembre de 2007 falleci\u00f3 en Caracas uno de los m\u00e1s grandes m\u00fasicos venezolanos y universales, el Maestro Aldemaro Romero. Nac\u00edo en Valencia, Venezuela, el 12 de marzo de 1928 en la acera frente al antiguo Cerro del Zamuro, en la parroquia de La Pastora. Ese sitio lo ocupa ahora el Parque Carlos Sanda y todav\u00eda podemos reconocer el cerrito.<\/p>\n<p>Fue hijo del m\u00fasico Rafael Romero, quien dirigi\u00f3 la Orquesta Municipal en San Felipe, Yaracuy, y luego se va a Caracas en 1941 a dirigir la orquesta del Teatro Municipal. All\u00ed Aldemaro se da cuenta de su gran afici\u00f3n por la m\u00fasica y entonces \u201cse coleaba\u201d para escuchar a los int\u00e9rpretes y las obras musicales que se representaban.<br \/>\nEn los a\u00f1os cincuenta Aldemaro atrae la atenci\u00f3n de Venezuela y otros pa\u00edses al presentar el disco \u201cDiner in Caracas\u201d, con m\u00fasica venezolana interpretada por una gran orquesta, grabado por la RCA V\u00edctor en Nueva York. Fue un \u00e9xito tan grande que en seguida se produjeron otros discos similares, como Diner en Rio y Diner in Habana.<\/p>\n<p>Otro de sus grandes triunfos fue la creaci\u00f3n del ritmo de Onda Nueva y los festivales en Caracas donde participaron los m\u00fasicos m\u00e1s importantes del mundo.<br \/>\nAldemaro colabor\u00f3 con arreglos para m\u00fasicos como Dean Martin, Stan Kenton, Machito, Noro Morales y Tito Puente.<\/p>\n<p>Su obra \u201cTocata Bachiana y Pajarillo Aldemaroso\u201d ha servido como tema de presentaci\u00f3n del programa radial de la Orquesta Sinf\u00f3nica de Carabobo durante diez a\u00f1os con su anuencia, y esta interpretaci\u00f3n fue considerada por Aldemaro como la mejor que se hab\u00eda hecho de esa obra.<\/p>\n<p>En 1979 fund\u00f3 y dirigi\u00f3 la Orquesta Filarm\u00f3nica de Caracas, que para \u00e9l era la mejor orquesta de Am\u00e9rica Latina, y que desapareci\u00f3 por un decreto del Presidente Ra\u00fal Leoni bajo el argumento de que Aldemaro ganaba mucho dinero, cincuenta mil bol\u00edvares mensuales, seg\u00fan contaba el mismo Aldemaro.<\/p>\n<p>[\/et_pb_team_member][\/et_pb_column][\/et_pb_row][\/et_pb_section][et_pb_section fb_built=\u00bb1&#8243; background_color_gradient_stops_1=\u00bb#2b87da 0%|#c7cbd4 100%\u00bb background_color_gradient_end_1=\u00bb#c7cbd4&#8243; admin_label=\u00bbPrinciple Quote\u00bb _builder_version=\u00bb4.16&#8243; custom_padding=\u00bb0|0px|0|0px|false|false\u00bb locked=\u00bboff\u00bb global_colors_info=\u00bb{}\u00bb][et_pb_row _builder_version=\u00bb4.16&#8243; _module_preset=\u00bbdefault\u00bb global_colors_info=\u00bb{}\u00bb][et_pb_column type=\u00bb4_4&#8243; _builder_version=\u00bb4.16&#8243; _module_preset=\u00bbdefault\u00bb global_colors_info=\u00bb{}\u00bb][et_pb_cta title=\u00bb\u00bfTienes alguna duda o quieres agregar informaci\u00f3n?\u00bb button_url=\u00bbhttps:\/\/wa.me\/message\/EL23DXQKXRDPI1&#8243; button_text=\u00bbCont\u00e1ctanos\u00bb _builder_version=\u00bb4.16&#8243; _module_preset=\u00bbdefault\u00bb global_colors_info=\u00bb{}\u00bb][\/et_pb_cta][\/et_pb_column][\/et_pb_row][\/et_pb_section]<\/p>\n","protected":false},"excerpt":{"rendered":"<p>Las agrupaciones forman parte de nuestra formaci\u00f3n acad\u00e9mica e integral de los alumnos y futuros profesionales de la m\u00fasica.Historia de la m\u00fasica Efem\u00e9rides y Curiosidades\u00a0 &nbsp;El d\u00eda 2 de septiembre de 1939 comenz\u00f3 la Segunda Guerra Mundial, la confrontaci\u00f3n b\u00e9lica m\u00e1s grande y destructiva de la historia de la humanidad. Esta guerra trastorn\u00f3 todos los [&hellip;]<\/p>\n","protected":false},"author":2,"featured_media":0,"parent":0,"menu_order":0,"comment_status":"closed","ping_status":"closed","template":"","meta":{"_et_pb_use_builder":"on","_et_pb_old_content":"","_et_gb_content_width":"","footnotes":""},"class_list":["post-298","page","type-page","status-publish","hentry"],"_links":{"self":[{"href":"https:\/\/www.consermuca.edu.ve\/conservatorio-de-musica-de-carabobo\/wp-json\/wp\/v2\/pages\/298","targetHints":{"allow":["GET"]}}],"collection":[{"href":"https:\/\/www.consermuca.edu.ve\/conservatorio-de-musica-de-carabobo\/wp-json\/wp\/v2\/pages"}],"about":[{"href":"https:\/\/www.consermuca.edu.ve\/conservatorio-de-musica-de-carabobo\/wp-json\/wp\/v2\/types\/page"}],"author":[{"embeddable":true,"href":"https:\/\/www.consermuca.edu.ve\/conservatorio-de-musica-de-carabobo\/wp-json\/wp\/v2\/users\/2"}],"replies":[{"embeddable":true,"href":"https:\/\/www.consermuca.edu.ve\/conservatorio-de-musica-de-carabobo\/wp-json\/wp\/v2\/comments?post=298"}],"version-history":[{"count":55,"href":"https:\/\/www.consermuca.edu.ve\/conservatorio-de-musica-de-carabobo\/wp-json\/wp\/v2\/pages\/298\/revisions"}],"predecessor-version":[{"id":2076,"href":"https:\/\/www.consermuca.edu.ve\/conservatorio-de-musica-de-carabobo\/wp-json\/wp\/v2\/pages\/298\/revisions\/2076"}],"wp:attachment":[{"href":"https:\/\/www.consermuca.edu.ve\/conservatorio-de-musica-de-carabobo\/wp-json\/wp\/v2\/media?parent=298"}],"curies":[{"name":"wp","href":"https:\/\/api.w.org\/{rel}","templated":true}]}}