{"id":77,"date":"2022-03-30T19:25:09","date_gmt":"2022-03-30T19:25:09","guid":{"rendered":"https:\/\/www.consermuca.edu.ve\/demo\/?page_id=77"},"modified":"2024-09-24T21:05:27","modified_gmt":"2024-09-24T21:05:27","slug":"agrupaciones","status":"publish","type":"page","link":"https:\/\/www.consermuca.edu.ve\/conservatorio-de-musica-de-carabobo\/agrupaciones\/","title":{"rendered":"Agrupaciones"},"content":{"rendered":"<p>[et_pb_section fb_built=\u00bb1&#8243; fullwidth=\u00bbon\u00bb admin_label=\u00bbHero\u00bb _builder_version=\u00bb4.16&#8243; use_background_color_gradient=\u00bbon\u00bb background_color_gradient_direction=\u00bb90deg\u00bb background_color_gradient_stops=\u00bb#eeeff2 33%|rgba(238,239,242,0) 52%\u00bb background_color_gradient_overlays_image=\u00bbon\u00bb background_color_gradient_start=\u00bb#eeeff2&#8243; background_color_gradient_start_position=\u00bb33%\u00bb background_color_gradient_end=\u00bbrgba(238,239,242,0)\u00bb background_color_gradient_end_position=\u00bb52%\u00bb background_image=\u00bbhttps:\/\/www.consermuca.edu.ve\/demo\/wp-content\/uploads\/2022\/09\/Concierto-Aniversario-CMC-Club-Italo-Abril-2022-9876_Instagram.jpg\u00bb global_colors_info=\u00bb{}\u00bb][et_pb_fullwidth_header title=\u00bbStaff y estudiantes\u00bb subhead=\u00bbAgrupaciones Musicales\u00bb button_one_text=\u00bbCont\u00e1ctanos\u00bb button_one_url=\u00bbhttps:\/\/wa.me\/message\/EL23DXQKXRDPI1&#8243; content_max_width=\u00bb600px\u00bb _builder_version=\u00bb4.16&#8243; title_font=\u00bbRubik|700||on|||||\u00bb title_text_color=\u00bb#ff7355&#8243; title_font_size=\u00bb16px\u00bb title_letter_spacing=\u00bb5px\u00bb title_line_height=\u00bb0.5em\u00bb content_font=\u00bbRubik||||||||\u00bb content_font_size=\u00bb18px\u00bb subhead_font=\u00bbRubik|700|||||||\u00bb subhead_text_color=\u00bbrgba(0,0,0,0.8)\u00bb subhead_font_size=\u00bb50px\u00bb subhead_line_height=\u00bb1.5em\u00bb background_color=\u00bbrgba(255,255,255,0)\u00bb use_background_color_gradient=\u00bbon\u00bb background_color_gradient_stops=\u00bbrgba(255,255,255,0) 50%|rgba(255,255,255,0.7) 100%\u00bb background_color_gradient_start=\u00bbrgba(255,255,255,0)\u00bb background_color_gradient_start_position=\u00bb50%\u00bb background_color_gradient_end=\u00bbrgba(255,255,255,0.7)\u00bb background_size=\u00bbcontain\u00bb background_position=\u00bbbottom_center\u00bb custom_button_one=\u00bbon\u00bb button_one_text_size=\u00bb16px\u00bb button_one_text_color=\u00bb#ffffff\u00bb button_one_bg_color=\u00bb#ff7355&#8243; button_one_border_width=\u00bb15px\u00bb button_one_border_color=\u00bbrgba(210,159,104,0)\u00bb button_one_border_radius=\u00bb100px\u00bb button_one_letter_spacing=\u00bb0px\u00bb button_one_font=\u00bbRubik|700|||||||\u00bb button_one_use_icon=\u00bboff\u00bb custom_button_two=\u00bbon\u00bb button_two_text_size=\u00bb16px\u00bb button_two_text_color=\u00bb#ffffff\u00bb button_two_bg_color=\u00bbrgba(0,0,0,0.6)\u00bb button_two_border_width=\u00bb15px\u00bb button_two_border_color=\u00bbrgba(210,159,104,0)\u00bb button_two_border_radius=\u00bb100px\u00bb button_two_letter_spacing=\u00bb0px\u00bb button_two_font=\u00bbRubik|700|||||||\u00bb button_two_use_icon=\u00bboff\u00bb background_layout=\u00bblight\u00bb max_width_last_edited=\u00bboff|desktop\u00bb module_alignment=\u00bbcenter\u00bb custom_margin=\u00bb|||\u00bb custom_padding=\u00bb8vw||4vw|\u00bb subhead_font_size_tablet=\u00bb\u00bb subhead_font_size_phone=\u00bb30px\u00bb subhead_font_size_last_edited=\u00bbon|phone\u00bb button_one_border_radius_hover=\u00bb100px\u00bb button_two_border_radius_hover=\u00bb100px\u00bb button_one_bg_color_hover=\u00bb#ff8a70&#8243; button_two_bg_color_hover=\u00bb#ff8a70&#8243; global_colors_info=\u00bb{}\u00bb button_one_text_size__hover_enabled=\u00bboff\u00bb button_two_text_size__hover_enabled=\u00bboff\u00bb button_one_text_color__hover_enabled=\u00bboff\u00bb button_two_text_color__hover_enabled=\u00bboff\u00bb button_one_border_width__hover_enabled=\u00bboff\u00bb button_two_border_width__hover_enabled=\u00bboff\u00bb button_one_border_color__hover_enabled=\u00bboff\u00bb button_two_border_color__hover_enabled=\u00bboff\u00bb button_one_border_radius__hover_enabled=\u00bbon\u00bb button_one_border_radius__hover=\u00bb100px\u00bb button_two_border_radius__hover_enabled=\u00bbon\u00bb button_two_border_radius__hover=\u00bb100px\u00bb button_one_letter_spacing__hover_enabled=\u00bboff\u00bb button_two_letter_spacing__hover_enabled=\u00bboff\u00bb button_one_bg_color__hover_enabled=\u00bbon\u00bb button_one_bg_color__hover=\u00bb#ff8a70&#8243; button_two_bg_color__hover_enabled=\u00bbon\u00bb button_two_bg_color__hover=\u00bb#ff8a70&#8243;]<\/p>\n<p>Las agrupaciones forman parte de nuestra formaci\u00f3n acad\u00e9mica e integral de los alumnos y futuros profesionales de la m\u00fasica.<\/p>\n<p>[\/et_pb_fullwidth_header][\/et_pb_section][et_pb_section fb_built=\u00bb1&#8243; _builder_version=\u00bb4.16&#8243; background_color=\u00bb#3a5063&#8243; background_size=\u00bbcontain\u00bb background_position=\u00bbtop_center\u00bb custom_padding=\u00bb|||\u00bb global_colors_info=\u00bb{}\u00bb][et_pb_row column_structure=\u00bb1_2,1_2&#8243; _builder_version=\u00bb4.16&#8243; global_colors_info=\u00bb{}\u00bb][et_pb_column type=\u00bb1_2&#8243; _builder_version=\u00bb4.16&#8243; custom_padding=\u00bb|||\u00bb global_colors_info=\u00bb{}\u00bb custom_padding__hover=\u00bb|||\u00bb][et_pb_text _builder_version=\u00bb4.16&#8243; text_font=\u00bbRubik|500|||||||\u00bb text_font_size=\u00bb16px\u00bb text_line_height=\u00bb2em\u00bb quote_font=\u00bb||||||||\u00bb header_font=\u00bb||||||||\u00bb header_2_font=\u00bbRubik|700|||||||\u00bb header_2_font_size=\u00bb40px\u00bb header_2_line_height=\u00bb1.4em\u00bb header_5_font=\u00bbRubik|700||on|||||\u00bb header_5_letter_spacing=\u00bb5px\u00bb header_5_line_height=\u00bb1.2em\u00bb background_layout=\u00bbdark\u00bb max_width=\u00bb600px\u00bb max_width_tablet=\u00bb\u00bb max_width_phone=\u00bb\u00bb max_width_last_edited=\u00bbon|phone\u00bb custom_margin=\u00bb|||\u00bb custom_margin_tablet=\u00bb|70px||70px\u00bb custom_margin_phone=\u00bb|50px||50px\u00bb custom_margin_last_edited=\u00bboff|desktop\u00bb custom_padding=\u00bb|||\u00bb text_line_height_last_edited=\u00bboff|desktop\u00bb header_2_font_size_tablet=\u00bb\u00bb header_2_font_size_phone=\u00bb30px\u00bb header_2_font_size_last_edited=\u00bbon|phone\u00bb global_colors_info=\u00bb{}\u00bb]<\/p>\n<h5>S\u00f3lo los mejores<\/h5>\n<h2>Sabemos que la mejor manera de aprender es haciendo m\u00fasica&#8230;<\/h2>\n<p>[\/et_pb_text][\/et_pb_column][et_pb_column type=\u00bb1_2&#8243; _builder_version=\u00bb4.16&#8243; custom_padding=\u00bb|||\u00bb global_colors_info=\u00bb{}\u00bb custom_padding__hover=\u00bb|||\u00bb][et_pb_text _builder_version=\u00bb4.16&#8243; text_font=\u00bbRubik|500|||||||\u00bb text_font_size=\u00bb16px\u00bb text_line_height=\u00bb2em\u00bb quote_font=\u00bb||||||||\u00bb header_font=\u00bb||||||||\u00bb header_2_font=\u00bbRubik|700|||||||\u00bb header_2_font_size=\u00bb40px\u00bb header_2_line_height=\u00bb1.4em\u00bb header_5_font=\u00bbRubik|700||on|||||\u00bb header_5_letter_spacing=\u00bb5px\u00bb header_5_line_height=\u00bb1.2em\u00bb background_layout=\u00bbdark\u00bb max_width=\u00bb600px\u00bb max_width_tablet=\u00bb\u00bb max_width_phone=\u00bb\u00bb max_width_last_edited=\u00bbon|phone\u00bb custom_margin=\u00bb|||\u00bb custom_margin_tablet=\u00bb|70px||70px\u00bb custom_margin_phone=\u00bb|50px||50px\u00bb custom_margin_last_edited=\u00bboff|desktop\u00bb custom_padding=\u00bb|||\u00bb text_line_height_last_edited=\u00bboff|desktop\u00bb header_2_font_size_tablet=\u00bb\u00bb header_2_font_size_phone=\u00bb30px\u00bb header_2_font_size_last_edited=\u00bbon|phone\u00bb global_colors_info=\u00bb{}\u00bb]<\/p>\n<p>El\u00a0 Conservatorio de M\u00fasica de Carabobo cuenta con ocho agrupaciones musicales conformadas por alumnos y docentes de la instituci\u00f3n, lo que permite consolidar de una manera vivencial, did\u00e1ctica y divertida, los fundamentos te\u00f3ricos musicales y los valores necesarios para su formaci\u00f3n como m\u00fasicos profesionales.\u00a0<\/p>\n<p>[\/et_pb_text][\/et_pb_column][\/et_pb_row][\/et_pb_section][et_pb_section fb_built=\u00bb1&#8243; admin_label=\u00bbStaff\u00bb _builder_version=\u00bb4.16&#8243; custom_padding=\u00bb|||\u00bb global_colors_info=\u00bb{}\u00bb][et_pb_row admin_label=\u00bbTitle Row\u00bb _builder_version=\u00bb4.16&#8243; global_colors_info=\u00bb{}\u00bb][et_pb_column type=\u00bb4_4&#8243; _builder_version=\u00bb4.16&#8243; custom_padding=\u00bb|||\u00bb global_colors_info=\u00bb{}\u00bb custom_padding__hover=\u00bb|||\u00bb][et_pb_text _builder_version=\u00bb4.16&#8243; text_font=\u00bbRubik|500|||||||\u00bb text_font_size=\u00bb16px\u00bb text_line_height=\u00bb2em\u00bb header_font=\u00bb||||||||\u00bb header_2_font=\u00bbRubik|700|||||||\u00bb header_2_font_size=\u00bb40px\u00bb header_2_line_height=\u00bb1.4em\u00bb header_5_font=\u00bbRubik|700||on|||||\u00bb header_5_text_color=\u00bb#2b76df\u00bb header_5_letter_spacing=\u00bb5px\u00bb header_5_line_height=\u00bb1.5em\u00bb text_orientation=\u00bbcenter\u00bb max_width=\u00bb600px\u00bb module_alignment=\u00bbcenter\u00bb text_line_height_last_edited=\u00bboff|desktop\u00bb global_colors_info=\u00bb{}\u00bb]<\/p>\n<h5>Nuestras Agrupaciones<\/h5>\n<h2>Orquestas, coros y ensambles<\/h2>\n<p>&nbsp;<\/p>\n<p>[\/et_pb_text][\/et_pb_column][\/et_pb_row][et_pb_row column_structure=\u00bb1_3,1_3,1_3&#8243; _builder_version=\u00bb4.16&#8243; global_colors_info=\u00bb{}\u00bb][et_pb_column type=\u00bb1_3&#8243; _builder_version=\u00bb4.16&#8243; custom_padding=\u00bb|||\u00bb global_colors_info=\u00bb{}\u00bb custom_padding__hover=\u00bb|||\u00bb][et_pb_team_member name=\u00bbOrquesta de Pr\u00e1ctica Inicial\u00bb position=\u00bbDIrector: Manuel Vadell\u00bb image_url=\u00bbhttps:\/\/www.consermuca.edu.ve\/demo\/wp-content\/uploads\/2022\/09\/CMC-Italo-12-12-21-7006_Instagram.jpg\u00bb _builder_version=\u00bb4.16&#8243; header_font=\u00bbRubik|500|||||||\u00bb header_text_color=\u00bb#4c5c67&#8243; header_line_height=\u00bb1.7em\u00bb body_font=\u00bbRubik|500|||||||\u00bb body_line_height=\u00bb2em\u00bb animation_style=\u00bbzoom\u00bb animation_intensity_zoom=\u00bb10%\u00bb border_radii_image=\u00bbon|10px|10px|10px|10px\u00bb global_colors_info=\u00bb{}\u00bb]<\/p>\n<p>Conformada por alumnos de los niveles iniciales y b\u00e1sicos de los instrumentos de cuerda, vientos y percusi\u00f3n.\u00a0<\/p>\n<p>[\/et_pb_team_member][\/et_pb_column][et_pb_column type=\u00bb1_3&#8243; _builder_version=\u00bb4.16&#8243; custom_padding=\u00bb|||\u00bb global_colors_info=\u00bb{}\u00bb custom_padding__hover=\u00bb|||\u00bb][et_pb_team_member name=\u00bbOrquesta Sinf\u00f3nica del Consermuca\u00bb position=\u00bbDirector: Jorge Castillo\u00bb image_url=\u00bbhttps:\/\/www.consermuca.edu.ve\/demo\/wp-content\/uploads\/2022\/09\/Concierto-Italo-Junino-2022-0921_Instagram.jpg\u00bb _builder_version=\u00bb4.16&#8243; header_font=\u00bbRubik|500|||||||\u00bb header_text_color=\u00bb#4c5c67&#8243; header_line_height=\u00bb1.7em\u00bb body_font=\u00bbRubik|500|||||||\u00bb body_line_height=\u00bb2em\u00bb animation_style=\u00bbzoom\u00bb animation_intensity_zoom=\u00bb10%\u00bb border_radii_image=\u00bbon|10px|10px|10px|10px\u00bb global_colors_info=\u00bb{}\u00bb]<\/p>\n<p>Conformada por los alumnos avanzados de los instrumentos de cuerda, viento y perscusi\u00f3n,\u00a0 garantizando una puesta en escena del m\u00e1s alto nivel art\u00edstico en la interpretaci\u00f3n de obras cl\u00e1sicas y \u00f3peras.<\/p>\n<p>[\/et_pb_team_member][\/et_pb_column][et_pb_column type=\u00bb1_3&#8243; _builder_version=\u00bb4.16&#8243; custom_padding=\u00bb|||\u00bb global_colors_info=\u00bb{}\u00bb custom_padding__hover=\u00bb|||\u00bb][et_pb_team_member name=\u00bbEnsamble de Cuerdas Pulsadas\u00bb position=\u00bbDirector: Jorge P\u00e9rez Sanez.\u00bb image_url=\u00bbhttps:\/\/www.consermuca.edu.ve\/demo\/wp-content\/uploads\/2022\/09\/9no-Recital-CMC-2022-0186_Instagram.jpg\u00bb _builder_version=\u00bb4.16&#8243; header_font=\u00bbRubik|500|||||||\u00bb header_text_color=\u00bb#4c5c67&#8243; header_line_height=\u00bb1.7em\u00bb body_font=\u00bbRubik|500|||||||\u00bb body_line_height=\u00bb2em\u00bb custom_margin=\u00bb|||1px||\u00bb animation_style=\u00bbzoom\u00bb animation_intensity_zoom=\u00bb10%\u00bb border_radii_image=\u00bbon|10px|10px|10px|10px\u00bb global_colors_info=\u00bb{}\u00bb]<\/p>\n<p>Conformado por los alumnos y docentes avanzados de las c\u00e1tedras de guitarra acad\u00e9mica y cuatro. En ocasiones intervienen la c\u00e1tedra de percusi\u00f3n y contrabajo para armonizar.<\/p>\n<p>[\/et_pb_team_member][\/et_pb_column][\/et_pb_row][et_pb_row column_structure=\u00bb1_3,1_3,1_3&#8243; _builder_version=\u00bb4.16&#8243; global_colors_info=\u00bb{}\u00bb][et_pb_column type=\u00bb1_3&#8243; _builder_version=\u00bb4.16&#8243; custom_padding=\u00bb|||\u00bb global_colors_info=\u00bb{}\u00bb custom_padding__hover=\u00bb|||\u00bb][et_pb_team_member name=\u00bbEnsamble de Flautas Transversa\u00bb position=\u00bbDirector: Jeremy Pezo\u00bb _builder_version=\u00bb4.16&#8243; header_font=\u00bbRubik|500|||||||\u00bb header_text_color=\u00bb#4c5c67&#8243; header_line_height=\u00bb1.7em\u00bb body_font=\u00bbRubik|500|||||||\u00bb body_line_height=\u00bb2em\u00bb animation_style=\u00bbzoom\u00bb animation_intensity_zoom=\u00bb10%\u00bb border_radii_image=\u00bbon|10px|10px|10px|10px\u00bb global_colors_info=\u00bb{}\u00bb]<\/p>\n<p><span>Durante muchos a\u00f1os de fruct\u00edfera vida art\u00edstica, el Ensamble de Flautas Transversas, ha ofrecido recitales en varios municipios del estado Carabobo, dejando en cada una de sus presentaciones, muestras indubitables de excelencia acad\u00e9mica y art\u00edstica. La Visi\u00f3n: Constituir, a mediano plazo, la Orquesta de Flautas Transversas del CMC para orgullo institucional y del centro del pa\u00eds.<\/span><\/p>\n<p>[\/et_pb_team_member][\/et_pb_column][et_pb_column type=\u00bb1_3&#8243; _builder_version=\u00bb4.16&#8243; custom_padding=\u00bb|||\u00bb global_colors_info=\u00bb{}\u00bb custom_padding__hover=\u00bb|||\u00bb][et_pb_team_member name=\u00bbOrquesta de C\u00e1mara \u00bb position=\u00bbDirector: Manuel Vadell \u00bb image_url=\u00bbhttps:\/\/www.consermuca.edu.ve\/demo\/wp-content\/uploads\/2023\/01\/Concierto-Violin-Dalina-16_Instagram.jpg\u00bb _builder_version=\u00bb4.16&#8243; header_font=\u00bbRubik|500|||||||\u00bb header_text_color=\u00bb#4c5c67&#8243; header_line_height=\u00bb1.7em\u00bb body_font=\u00bbRubik|500|||||||\u00bb body_line_height=\u00bb2em\u00bb animation_style=\u00bbzoom\u00bb animation_intensity_zoom=\u00bb10%\u00bb border_radii_image=\u00bbon|10px|10px|10px|10px\u00bb global_colors_info=\u00bb{}\u00bb]<\/p>\n<p>Conformada por estudiantes de los niveles avanzados de cada uno de los instrumentos que se imparten en nuestra instituci\u00f3n. Con capacidad interpretativa exquisita y que se adapta a cualquier tipo de escenario.<\/p>\n<p>[\/et_pb_team_member][\/et_pb_column][et_pb_column type=\u00bb1_3&#8243; _builder_version=\u00bb4.16&#8243; custom_padding=\u00bb|||\u00bb global_colors_info=\u00bb{}\u00bb custom_padding__hover=\u00bb|||\u00bb][et_pb_team_member name=\u00bbCoro de Voces Blancas\u00bb position=\u00bbDirectora: Analbert Castillo\u00bb image_url=\u00bbhttps:\/\/www.consermuca.edu.ve\/demo\/wp-content\/uploads\/2023\/01\/3er-Recital-CMC-42_Instagram.jpg\u00bb _builder_version=\u00bb4.16&#8243; header_font=\u00bbRubik|500|||||||\u00bb header_text_color=\u00bb#4c5c67&#8243; header_line_height=\u00bb1.7em\u00bb body_font=\u00bbRubik|500|||||||\u00bb body_line_height=\u00bb2em\u00bb custom_margin=\u00bb|||1px||\u00bb animation_style=\u00bbzoom\u00bb animation_intensity_zoom=\u00bb10%\u00bb border_radii_image=\u00bbon|10px|10px|10px|10px\u00bb global_colors_info=\u00bb{}\u00bb]<\/p>\n<p>Conformado por los alumnos de edades comprendidas entre los 8 y los 12 a\u00f1os con inclinaci\u00f3n y talento para el canto coral. Destacando por sus interpretaciones de repertorio infantil, cl\u00e1sico y venezolano.<\/p>\n<p>[\/et_pb_team_member][\/et_pb_column][\/et_pb_row][et_pb_row column_structure=\u00bb1_3,1_3,1_3&#8243; _builder_version=\u00bb4.16&#8243; global_colors_info=\u00bb{}\u00bb][et_pb_column type=\u00bb1_3&#8243; _builder_version=\u00bb4.16&#8243; custom_padding=\u00bb|||\u00bb global_colors_info=\u00bb{}\u00bb custom_padding__hover=\u00bb|||\u00bb][et_pb_team_member name=\u00bbEnsamble de Metales\u00bb position=\u00bbDirector: Ivan Sanz\u00bb image_url=\u00bbhttps:\/\/www.consermuca.edu.ve\/demo\/wp-content\/uploads\/2023\/02\/WhatsApp-Image-2023-02-06-at-4.03.55-PM.jpeg\u00bb _builder_version=\u00bb4.16&#8243; header_font=\u00bbRubik|500|||||||\u00bb header_text_color=\u00bb#4c5c67&#8243; header_line_height=\u00bb1.7em\u00bb body_font=\u00bbRubik|500|||||||\u00bb body_line_height=\u00bb2em\u00bb animation_style=\u00bbzoom\u00bb animation_intensity_zoom=\u00bb10%\u00bb border_radii_image=\u00bbon|10px|10px|10px|10px\u00bb global_colors_info=\u00bb{}\u00bb]<\/p>\n<p>Conformada por alumnos activos de nuestra instituci\u00f3n de las c\u00e1tedras de tuba, trompeta, tromb\u00f3n y corno franc\u00e9s. Agrupaci\u00f3n muy vers\u00e1til para la interpretaci\u00f3n de obras acad\u00e9micas y populares.<\/p>\n<p>[\/et_pb_team_member][\/et_pb_column][et_pb_column type=\u00bb1_3&#8243; _builder_version=\u00bb4.16&#8243; custom_padding=\u00bb|||\u00bb global_colors_info=\u00bb{}\u00bb custom_padding__hover=\u00bb|||\u00bb][et_pb_team_member name=\u00bbEnsamble 7&#8243; position=\u00bbDirector: \u00c1ngel B\u00e1lan\u00bb image_url=\u00bbhttps:\/\/www.consermuca.edu.ve\/demo\/wp-content\/uploads\/2023\/01\/Ensamble-7-0294_Instagram.jpg\u00bb _builder_version=\u00bb4.16&#8243; header_font=\u00bbRubik|500|||||||\u00bb header_text_color=\u00bb#4c5c67&#8243; header_line_height=\u00bb1.7em\u00bb body_font=\u00bbRubik|500|||||||\u00bb body_line_height=\u00bb2em\u00bb animation_style=\u00bbzoom\u00bb animation_intensity_zoom=\u00bb10%\u00bb border_radii_image=\u00bbon|10px|10px|10px|10px\u00bb global_colors_info=\u00bb{}\u00bb]<\/p>\n<p>Conformada por docentes de nuestra instituci\u00f3n: Manuel Vadell y Mar\u00eda Vadell (Viol\u00edn),\u00a0 Jes\u00fas Useche (Cuatro),\u00a0 Jorge P\u00e9rez (Guitarra),\u00a0 \u00c1ngel Bal\u00e1n Piano (Piano y Direcci\u00f3n), Celeste Vadell (Violonchelo) Arnaldo \u00c1lvarez (Contrabajo).<\/p>\n<p>Con dos discograf\u00edas en su haber, destaca lo mejor de la m\u00fasica latinoamericana y nacional con el matiz de los instrumentos sinf\u00f3nicos.<\/p>\n<p>[\/et_pb_team_member][\/et_pb_column][et_pb_column type=\u00bb1_3&#8243; _builder_version=\u00bb4.16&#8243; custom_padding=\u00bb|||\u00bb global_colors_info=\u00bb{}\u00bb custom_padding__hover=\u00bb|||\u00bb][et_pb_team_member name=\u00bbCoro de Voces Mixtas\u00bb position=\u00bbDirector: Arahy Araicohechea\u00a0\u00bb image_url=\u00bbhttps:\/\/www.consermuca.edu.ve\/demo\/wp-content\/uploads\/2024\/09\/IMG_7825_insta_Horizontal.jpg\u00bb _builder_version=\u00bb4.24.2&#8243; header_font=\u00bbRubik|500|||||||\u00bb header_text_color=\u00bb#4c5c67&#8243; header_line_height=\u00bb1.7em\u00bb body_font=\u00bbRubik|500|||||||\u00bb body_line_height=\u00bb2em\u00bb animation_style=\u00bbzoom\u00bb animation_intensity_zoom=\u00bb10%\u00bb hover_enabled=\u00bb0&#8243; border_radii_image=\u00bbon|10px|10px|10px|10px\u00bb global_colors_info=\u00bb{}\u00bb title_text=\u00bbIMG_7825_insta_Horizontal\u00bb sticky_enabled=\u00bb0&#8243;]<\/p>\n<p><span>Se encuentra integrado por estudiantes de los Programas: Ordinario y Adulto, quienes reciben en esa actividad grupal m\u00faltiples beneficios que se reflejan en lo acad\u00e9mico, en lo personal y social, convirtiendo a esta bella experiencia de integraci\u00f3n vocal musical, en una imponderable oportunidad de crecimiento y de formaci\u00f3n integral.<\/span><\/p>\n<p><span>Ha representado, de manera brillante, al CMC en importantes eventos musicales con repercusi\u00f3n nacional, entre los cuales podemos se\u00f1alar su destacada participaci\u00f3n en: la \u00f3pera Madame Butterfly, Carmina Burana, la Cantata Criolla y R\u00e9quiem de Mozart, tambi\u00e9n ha ofrecido un importante aporte para la difusi\u00f3n de la mejor m\u00fasica coral al realizar presentaciones en escuelas y diversos espacios p\u00fablicos de la regi\u00f3n.<\/span><\/p>\n<p>[\/et_pb_team_member][\/et_pb_column][\/et_pb_row][\/et_pb_section][et_pb_section fb_built=\u00bb1&#8243; background_color_gradient_stops_1=\u00bb#2b87da 0%|#c7cbd4 100%\u00bb background_color_gradient_end_1=\u00bb#c7cbd4&#8243; admin_label=\u00bbPrinciple Quote\u00bb _builder_version=\u00bb4.16&#8243; custom_padding=\u00bb0|0px|0|0px|false|false\u00bb locked=\u00bboff\u00bb global_colors_info=\u00bb{}\u00bb background_color_gradient_stops_tablet_1=\u00bb#2b87da 0%|#c7cbd4 100%\u00bb background_color_gradient_stops_phone_1=\u00bb#2b87da 0%|#c7cbd4 100%\u00bb background_color_gradient_stops__hover_1=\u00bb#2b87da 0%|#c7cbd4 100%\u00bb background_color_gradient_stops__sticky_1=\u00bb#2b87da 0%|#c7cbd4 100%\u00bb][et_pb_row _builder_version=\u00bb4.16&#8243; _module_preset=\u00bbdefault\u00bb global_colors_info=\u00bb{}\u00bb][et_pb_column type=\u00bb4_4&#8243; _builder_version=\u00bb4.16&#8243; _module_preset=\u00bbdefault\u00bb global_colors_info=\u00bb{}\u00bb][et_pb_cta title=\u00bb\u00bfQuieres saber m\u00e1s de las agrupaciones?\u00bb button_url=\u00bbhttps:\/\/forms.gle\/9LABDzQ59LVrfzVv6&#8243; button_text=\u00bbCont\u00e1ctanos\u00bb _builder_version=\u00bb4.16&#8243; _module_preset=\u00bbdefault\u00bb global_colors_info=\u00bb{}\u00bb]<\/p>\n<p>Las agrupaciones pueden ser parte de grandes momentos en tu empresa, comunidad o celebraci\u00f3n. Adem\u00e1s es una excelente oportunidad para convertirte en Padrino Consermuca. Para conocer los detalles, haz click en el bot\u00f3n.<\/p>\n<p>[\/et_pb_cta][\/et_pb_column][\/et_pb_row][\/et_pb_section]<\/p>\n","protected":false},"excerpt":{"rendered":"<p>Las agrupaciones forman parte de nuestra formaci\u00f3n acad\u00e9mica e integral de los alumnos y futuros profesionales de la m\u00fasica.S\u00f3lo los mejores Sabemos que la mejor manera de aprender es haciendo m\u00fasica&#8230;El\u00a0 Conservatorio de M\u00fasica de Carabobo cuenta con ocho agrupaciones musicales conformadas por alumnos y docentes de la instituci\u00f3n, lo que permite consolidar de una [&hellip;]<\/p>\n","protected":false},"author":2,"featured_media":0,"parent":0,"menu_order":0,"comment_status":"closed","ping_status":"closed","template":"","meta":{"_et_pb_use_builder":"on","_et_pb_old_content":"","_et_gb_content_width":"","footnotes":""},"class_list":["post-77","page","type-page","status-publish","hentry"],"_links":{"self":[{"href":"https:\/\/www.consermuca.edu.ve\/conservatorio-de-musica-de-carabobo\/wp-json\/wp\/v2\/pages\/77","targetHints":{"allow":["GET"]}}],"collection":[{"href":"https:\/\/www.consermuca.edu.ve\/conservatorio-de-musica-de-carabobo\/wp-json\/wp\/v2\/pages"}],"about":[{"href":"https:\/\/www.consermuca.edu.ve\/conservatorio-de-musica-de-carabobo\/wp-json\/wp\/v2\/types\/page"}],"author":[{"embeddable":true,"href":"https:\/\/www.consermuca.edu.ve\/conservatorio-de-musica-de-carabobo\/wp-json\/wp\/v2\/users\/2"}],"replies":[{"embeddable":true,"href":"https:\/\/www.consermuca.edu.ve\/conservatorio-de-musica-de-carabobo\/wp-json\/wp\/v2\/comments?post=77"}],"version-history":[{"count":9,"href":"https:\/\/www.consermuca.edu.ve\/conservatorio-de-musica-de-carabobo\/wp-json\/wp\/v2\/pages\/77\/revisions"}],"predecessor-version":[{"id":1244,"href":"https:\/\/www.consermuca.edu.ve\/conservatorio-de-musica-de-carabobo\/wp-json\/wp\/v2\/pages\/77\/revisions\/1244"}],"wp:attachment":[{"href":"https:\/\/www.consermuca.edu.ve\/conservatorio-de-musica-de-carabobo\/wp-json\/wp\/v2\/media?parent=77"}],"curies":[{"name":"wp","href":"https:\/\/api.w.org\/{rel}","templated":true}]}}